{"id":2173,"date":"2019-08-06T09:56:55","date_gmt":"2019-08-06T07:56:55","guid":{"rendered":"https:\/\/healthcareactivos.es\/\/?page_id=2173"},"modified":"2024-10-31T10:49:54","modified_gmt":"2024-10-31T09:49:54","slug":"politica-de-privacidad","status":"publish","type":"page","link":"https:\/\/healthcareactivos.com\/es\/politica-de-privacidad\/","title":{"rendered":"Pol\u00edtica de privacidad"},"content":{"rendered":"\t\t<div data-elementor-type=\"wp-post\" data-elementor-id=\"2173\" class=\"elementor elementor-2173\" data-elementor-post-type=\"page\">\n\t\t\t\t\t\t<section class=\"elementor-section elementor-top-section elementor-element elementor-element-7609a69 elementor-section-height-min-height elementor-section-boxed elementor-section-height-default elementor-section-items-middle\" data-id=\"7609a69\" data-element_type=\"section\" data-e-type=\"section\" data-settings=\"{&quot;background_background&quot;:&quot;classic&quot;}\">\n\t\t\t\t\t\t<div class=\"elementor-container elementor-column-gap-default\">\n\t\t\t\t\t<div class=\"elementor-column elementor-col-100 elementor-top-column elementor-element elementor-element-b229d8d\" data-id=\"b229d8d\" data-element_type=\"column\" data-e-type=\"column\">\n\t\t\t<div class=\"elementor-widget-wrap elementor-element-populated\">\n\t\t\t\t\t\t<div class=\"elementor-element elementor-element-e9a2565 hca-gradient-text elementor-widget elementor-widget-heading\" data-id=\"e9a2565\" data-element_type=\"widget\" data-e-type=\"widget\" data-widget_type=\"heading.default\">\n\t\t\t\t<div class=\"elementor-widget-container\">\n\t\t\t\t\t<h1 class=\"elementor-heading-title elementor-size-default\">Pol\u00edtica de Privacidad<\/h1>\t\t\t\t<\/div>\n\t\t\t\t<\/div>\n\t\t\t\t\t<\/div>\n\t\t<\/div>\n\t\t\t\t\t<\/div>\n\t\t<\/section>\n\t\t\t\t<section class=\"elementor-section elementor-top-section elementor-element elementor-element-587debe4 elementor-section-boxed elementor-section-height-default elementor-section-height-default\" data-id=\"587debe4\" data-element_type=\"section\" data-e-type=\"section\">\n\t\t\t\t\t\t<div class=\"elementor-container elementor-column-gap-default\">\n\t\t\t\t\t<div class=\"elementor-column elementor-col-100 elementor-top-column elementor-element elementor-element-10d0703b\" data-id=\"10d0703b\" data-element_type=\"column\" data-e-type=\"column\">\n\t\t\t<div class=\"elementor-widget-wrap elementor-element-populated\">\n\t\t\t\t\t\t<div class=\"elementor-element elementor-element-66def1da elementor-widget elementor-widget-heading\" data-id=\"66def1da\" data-element_type=\"widget\" data-e-type=\"widget\" data-widget_type=\"heading.default\">\n\t\t\t\t<div class=\"elementor-widget-container\">\n\t\t\t\t\t<h3 class=\"elementor-heading-title elementor-size-default\">Pol\u00edtica de Privacidad y Protecci\u00f3n de Datos del Sitio Web<\/h3>\t\t\t\t<\/div>\n\t\t\t\t<\/div>\n\t\t\t\t<div class=\"elementor-element elementor-element-f2a673b elementor-widget elementor-widget-text-editor\" data-id=\"f2a673b\" data-element_type=\"widget\" data-e-type=\"widget\" data-widget_type=\"text-editor.default\">\n\t\t\t\t<div class=\"elementor-widget-container\">\n\t\t\t\t\t\t\t\t\t<p>Healthcare Activos Management, S.L. es una empresa en la que la transparencia en la informaci\u00f3n es fundamental para establecer una relaci\u00f3n de confianza con las personas que forman nuestro proyecto y con nuestros proveedores y clientes, siendo la protecci\u00f3n de los datos personales de las personas que conf\u00edan en nosotros de vital importancia, por lo que queremos mediante la presente Pol\u00edtica de privacidad y protecci\u00f3n de datos personales, informarte de c\u00f3mo recabamos y c\u00f3mo tratamos o utilizamos dichos datos.<\/p><p>En esta pol\u00edtica de privacidad y protecci\u00f3n de datos personales se establecen las bases sobre las que Healthcare Activos Management, S.L., con domicilio en Calle Serrano, 21, 6\u00ba B\u00a028001 Madrid\u00a0trata los datos de car\u00e1cter personal que voluntariamente nos facilitan nuestros usuarios a trav\u00e9s de la p\u00e1gina web.<\/p><p>Esta Pol\u00edtica siempre ser\u00e1 aplicable cuando se faciliten datos a Healthcare Activos Management, S.L., el cual ser\u00e1 responsable de sus datos (Responsable del Tratamiento de los Datos), y a trav\u00e9s de cualquiera de los formularios de contacto o suscripci\u00f3n donde se recojan datos de car\u00e1cter personal (nombre, email, etc.).<\/p>\t\t\t\t\t\t\t\t<\/div>\n\t\t\t\t<\/div>\n\t\t\t\t<div class=\"elementor-element elementor-element-0b89e4d elementor-widget elementor-widget-heading\" data-id=\"0b89e4d\" data-element_type=\"widget\" data-e-type=\"widget\" data-widget_type=\"heading.default\">\n\t\t\t\t<div class=\"elementor-widget-container\">\n\t\t\t\t\t<h3 class=\"elementor-heading-title elementor-size-default\">A qu\u00e9 nos Comprometemos<\/h3>\t\t\t\t<\/div>\n\t\t\t\t<\/div>\n\t\t\t\t<div class=\"elementor-element elementor-element-75aec3e elementor-widget elementor-widget-text-editor\" data-id=\"75aec3e\" data-element_type=\"widget\" data-e-type=\"widget\" data-widget_type=\"text-editor.default\">\n\t\t\t\t<div class=\"elementor-widget-container\">\n\t\t\t\t\t\t\t\t\t<ul><li>A respetar la privacidad de nuestros usuarios y tratar los datos personales con el consentimiento de los mismos.<\/li><li>A tratar los datos personales que estrictamente necesitemos para dar el servicio solicitado, y tratarlos de forma segura y confidencial, tomando las medidas necesarias para evitar el acceso no autorizado y el uso indebido de los mismos.<\/li><li>A no utilizar los datos personales para finalidades para las que no hemos obtenido previamente el consentimiento.<\/li><li>A no dar los datos personales a terceros ni compartirlos.<\/li><li>A conservar los datos personales durante el tiempo estrictamente necesario para la finalidad concreta para la que han sido proporcionados.<\/li><\/ul>\t\t\t\t\t\t\t\t<\/div>\n\t\t\t\t<\/div>\n\t\t\t\t<div class=\"elementor-element elementor-element-bec5017 elementor-widget elementor-widget-heading\" data-id=\"bec5017\" data-element_type=\"widget\" data-e-type=\"widget\" data-widget_type=\"heading.default\">\n\t\t\t\t<div class=\"elementor-widget-container\">\n\t\t\t\t\t<h3 class=\"elementor-heading-title elementor-size-default\">Qui\u00e9n es el responsable de tus datos personales<\/h3>\t\t\t\t<\/div>\n\t\t\t\t<\/div>\n\t\t\t\t<div class=\"elementor-element elementor-element-324cc7e elementor-widget elementor-widget-text-editor\" data-id=\"324cc7e\" data-element_type=\"widget\" data-e-type=\"widget\" data-widget_type=\"text-editor.default\">\n\t\t\t\t<div class=\"elementor-widget-container\">\n\t\t\t\t\t\t\t\t\t<table border=\"1\" cellspacing=\"0\" cellpadding=\"0\"><tbody><tr><td valign=\"top\" width=\"179\"><p>Nombre de la empresa<\/p><\/td><td valign=\"top\" width=\"387\"><p>HEALTHCARE ACTIVOS MANAGEMENT, SL<\/p><\/td><\/tr><tr><td valign=\"top\" width=\"179\"><p>B66871500<\/p><\/td><td valign=\"top\" width=\"387\"><p>B66871500<\/p><\/td><\/tr><tr><td valign=\"top\" width=\"179\"><p>Calle<\/p><\/td><td valign=\"top\" width=\"387\"><p>Calle Serrano, 21 6\u00ba B\u00a0<\/p><\/td><\/tr><tr><td valign=\"top\" width=\"179\"><p>C\u00f3digo Postal<\/p><\/td><td valign=\"top\" width=\"387\"><p>28001<\/p><\/td><\/tr><tr><td valign=\"top\" width=\"179\"><p>Localidad<\/p><\/td><td valign=\"top\" width=\"387\"><p>Madrid<\/p><\/td><\/tr><tr><td valign=\"top\" width=\"179\"><p>Provincia<\/p><\/td><td valign=\"top\" width=\"387\"><p>MADRID<\/p><\/td><\/tr><\/tbody><\/table>\t\t\t\t\t\t\t\t<\/div>\n\t\t\t\t<\/div>\n\t\t\t\t<div class=\"elementor-element elementor-element-af9c601 elementor-widget elementor-widget-heading\" data-id=\"af9c601\" data-element_type=\"widget\" data-e-type=\"widget\" data-widget_type=\"heading.default\">\n\t\t\t\t<div class=\"elementor-widget-container\">\n\t\t\t\t\t<h3 class=\"elementor-heading-title elementor-size-default\">Qu\u00e9 es un dato personal y el tratamiento de datos personales.<\/h3>\t\t\t\t<\/div>\n\t\t\t\t<\/div>\n\t\t\t\t<div class=\"elementor-element elementor-element-1a6b8d4 elementor-widget elementor-widget-text-editor\" data-id=\"1a6b8d4\" data-element_type=\"widget\" data-e-type=\"widget\" data-widget_type=\"text-editor.default\">\n\t\t\t\t<div class=\"elementor-widget-container\">\n\t\t\t\t\t\t\t\t\t<p>Un dato personal es toda informaci\u00f3n sobre una persona f\u00edsica identificada o identificable. Se considera persona f\u00edsica identificable toda persona cuya identidad pueda determinarse directa o indirectamente, en particular mediante un identificador, como por ejemplo un nombre, un n\u00famero de identificaci\u00f3n, datos de localizaci\u00f3n, un identificador en l\u00ednea o uno o varios elementos propios de la identidad f\u00edsica, fisiol\u00f3gica, gen\u00e9tica, ps\u00edquica, econ\u00f3mica, cultural o social de dicha persona.<\/p><p>Asimismo, el tratamiento de datos personales implica cualquier operaci\u00f3n o conjunto de operaciones realizadas sobre datos personales o conjuntos de datos personales, ya sea por procedimientos automatizados o no, como la recogida, registro, organizaci\u00f3n, estructuraci\u00f3n, conservaci\u00f3n, adaptaci\u00f3n o modificaci\u00f3n, extracci\u00f3n, consulta, utilizaci\u00f3n, comunicaci\u00f3n por transmisi\u00f3n, difusi\u00f3n o cualquier otra forma de habilitaci\u00f3n de acceso, cotejo o interconexi\u00f3n, limitaci\u00f3n, supresi\u00f3n o destrucci\u00f3n.<\/p>\t\t\t\t\t\t\t\t<\/div>\n\t\t\t\t<\/div>\n\t\t\t\t<div class=\"elementor-element elementor-element-6aa3bdd elementor-widget elementor-widget-heading\" data-id=\"6aa3bdd\" data-element_type=\"widget\" data-e-type=\"widget\" data-widget_type=\"heading.default\">\n\t\t\t\t<div class=\"elementor-widget-container\">\n\t\t\t\t\t<h3 class=\"elementor-heading-title elementor-size-default\">Qu\u00e9 tratamientos realizamos sobre tus datos personales y para qu\u00e9 finalidades <\/h3>\t\t\t\t<\/div>\n\t\t\t\t<\/div>\n\t\t\t\t<div class=\"elementor-element elementor-element-2238f1f elementor-widget elementor-widget-text-editor\" data-id=\"2238f1f\" data-element_type=\"widget\" data-e-type=\"widget\" data-widget_type=\"text-editor.default\">\n\t\t\t\t<div class=\"elementor-widget-container\">\n\t\t\t\t\t\t\t\t\t<p><span style=\"color: #518eaa;\">\u2022<\/span><strong> Solicitud de informaci\u00f3n por parte del usuario<\/strong><\/p><p style=\"text-align: left;\">Gestionar la solicitud de informaci\u00f3n remitida por parte del usuario a trav\u00e9s del formulario de contacto y\/o la direcci\u00f3n de correo electr\u00f3nico, correo postal y\/o n\u00famero de tel\u00e9fono facilitado a trav\u00e9s del sitio web.<\/p><p><strong><span style=\"color: #518eaa;\">\u2022<\/span> Suscripci\u00f3n a newsletter<\/strong><\/p><p>Gestionar la suscripci\u00f3n al env\u00edo de newsletter<\/p><p><strong><span style=\"color: #518eaa;\">\u2022<\/span> Trabajar con nosotros mediante el env\u00edo del curr\u00edculum<\/strong><\/p><p>Gesti\u00f3n de los CV recibidos a trav\u00e9s del formulario disponible en el sitio web.<\/p><p><strong><span style=\"color: #518eaa;\">\u2022<\/span> Alta y acceso al perfil de usuario<\/strong><\/p><p>Gesti\u00f3n del alta y del acceso al portal de usuario mediante la correspondiente cuenta de usuario y contrase\u00f1a.<\/p><p><strong><span style=\"color: #518eaa;\">\u2022<\/span> Gesti\u00f3n de los comentarios en el blog.<\/strong><\/p><p>Gestionar el env\u00edo y recepci\u00f3n de los comentarios que el usuario haya dejado en el blog.<\/p><p>Dependiendo de la finalidad para la que se aportan los datos, ser\u00e1n requeridos los datos estrictamente necesarios. Es importante que el usuario sea consciente de los datos que aporta y la finalidad para la que lo hace porque en el momento que los facilita, est\u00e1 aceptando que recopilemos, almacenemos y usemos dichos datos para la finalidad requerida, pudiendo en cualquier momento retirar el consentimiento prestado por los cauces oportunos siendo el consentimiento del interesado la base legal y legitimaci\u00f3n para el tratamiento de sus datos personales.<\/p>\t\t\t\t\t\t\t\t<\/div>\n\t\t\t\t<\/div>\n\t\t\t\t<div class=\"elementor-element elementor-element-cf5ecc1 elementor-widget elementor-widget-heading\" data-id=\"cf5ecc1\" data-element_type=\"widget\" data-e-type=\"widget\" data-widget_type=\"heading.default\">\n\t\t\t\t<div class=\"elementor-widget-container\">\n\t\t\t\t\t<h3 class=\"elementor-heading-title elementor-size-default\">Qu\u00e9 datos personales captamos<\/h3>\t\t\t\t<\/div>\n\t\t\t\t<\/div>\n\t\t\t\t<div class=\"elementor-element elementor-element-d54370b elementor-widget elementor-widget-text-editor\" data-id=\"d54370b\" data-element_type=\"widget\" data-e-type=\"widget\" data-widget_type=\"text-editor.default\">\n\t\t\t\t<div class=\"elementor-widget-container\">\n\t\t\t\t\t\t\t\t\t<p>A trav\u00e9s de nuestra p\u00e1gina web podemos recabar datos personales para diferentes finalidades:<\/p><ul type=\"square\"><li><strong>Solicitud de informaci\u00f3n por parte del usuario<\/strong><\/li><\/ul><p>Captaremos aquellos datos personales que nos haya facilitado con motivo de la consulta planteada.<\/p><ul type=\"square\"><li><strong>Suscripci\u00f3n a newsletter<\/strong><\/li><\/ul><p>Captaremos su direcci\u00f3n de correo electr\u00f3nico.<\/p><ul type=\"square\"><li><strong>Trabaja con nosotros mediante el env\u00edo de curr\u00edculum <\/strong><\/li><\/ul><p>Captaremos la informaci\u00f3n contenida en el CV que nos haya facilitado.<\/p><ul type=\"square\"><li><strong>Alta y acceso al perfil de usuario<\/strong><\/li><\/ul><p>Nombre de usuario y contrase\u00f1a, as\u00ed como cualquier otro dato que se haya facilitado con el fin de crear la cuenta o perfil.<\/p><ul type=\"square\"><li><strong>Gesti\u00f3n de los comentarios en el blog.<\/strong><\/li><\/ul><p>Cualquier dato que se haya facilitado al publicar el correspondiente comentario.<\/p><p>Dependiendo de la finalidad para la que se aportan los datos, ser\u00e1n requeridos los datos estrictamente necesarios. Es importante que el usuario sea consciente de los datos que aporta y la finalidad para la que lo hace porque en el momento que los facilita, est\u00e1 aceptando que recopilemos, almacenemos y usemos dichos datos para la finalidad requerida, pudiendo en cualquier momento retirar el consentimiento prestado por los cauces oportunos siendo el consentimiento del interesado la base legal y legitimaci\u00f3n para el tratamiento de sus datos personales.<\/p>\t\t\t\t\t\t\t\t<\/div>\n\t\t\t\t<\/div>\n\t\t\t\t<div class=\"elementor-element elementor-element-b6ba5f4 elementor-widget elementor-widget-heading\" data-id=\"b6ba5f4\" data-element_type=\"widget\" data-e-type=\"widget\" data-widget_type=\"heading.default\">\n\t\t\t\t<div class=\"elementor-widget-container\">\n\t\t\t\t\t<h3 class=\"elementor-heading-title elementor-size-default\">Cu\u00e1l es la legitimaci\u00f3n para el tratamiento de los datos personales.<\/h3>\t\t\t\t<\/div>\n\t\t\t\t<\/div>\n\t\t\t\t<div class=\"elementor-element elementor-element-45b961b elementor-widget elementor-widget-text-editor\" data-id=\"45b961b\" data-element_type=\"widget\" data-e-type=\"widget\" data-widget_type=\"text-editor.default\">\n\t\t\t\t<div class=\"elementor-widget-container\">\n\t\t\t\t\t\t\t\t\t<p>De acuerdo con la normativa vigente en materia de protecci\u00f3n de datos, necesitamos una base de legitimaci\u00f3n para el tratamiento de sus datos personales. La base de legitimaci\u00f3n es su consentimiento<\/p>\t\t\t\t\t\t\t\t<\/div>\n\t\t\t\t<\/div>\n\t\t\t\t<div class=\"elementor-element elementor-element-500a376 elementor-widget elementor-widget-heading\" data-id=\"500a376\" data-element_type=\"widget\" data-e-type=\"widget\" data-widget_type=\"heading.default\">\n\t\t\t\t<div class=\"elementor-widget-container\">\n\t\t\t\t\t<h3 class=\"elementor-heading-title elementor-size-default\">Qu\u00e9 derechos tiene sobre los datos personales aportados<\/h3>\t\t\t\t<\/div>\n\t\t\t\t<\/div>\n\t\t\t\t<div class=\"elementor-element elementor-element-34bcafe elementor-widget elementor-widget-text-editor\" data-id=\"34bcafe\" data-element_type=\"widget\" data-e-type=\"widget\" data-widget_type=\"text-editor.default\">\n\t\t\t\t<div class=\"elementor-widget-container\">\n\t\t\t\t\t\t\t\t\t<p>Como usuario, puede ejercitar los siguientes derechos:<\/p><p><span style=\"color: #518eaa;\">\u2022<\/span> <strong>Derecho de acceso:<\/strong> Tiene derecho a obtener por parte de la empresa confirmaci\u00f3n de si se est\u00e1n tratando o no sus datos personales que, y en su caso, qu\u00e9 datos trata.<\/p><p><span style=\"color: #518eaa;\">\u2022 <\/span><strong>Derecho de rectificaci\u00f3n<\/strong>: Tiene derecho a obtener por parte de HEALTHCARE ACTIVOS MANAGEMENT, SL, la rectificaci\u00f3n de los datos personales inexactos que le conciernan. En la solicitud de rectificaci\u00f3n deber\u00e1 indicar los datos que desea que se modifiquen.<\/p><p><span style=\"color: #518eaa;\">\u2022 <\/span><strong>Derecho de oposici\u00f3n:<\/strong> Tiene derecho a oponerse en cualquier momento, por motivos relacionados con su situaci\u00f3n particular, a que datos personales que le conciernan sean objeto de un tratamiento basado en el inter\u00e9s leg\u00edtimo de la empresa. En ese caso, la empresa dejar\u00e1 de tratar los datos personales, salvo que acreditemos motivos leg\u00edtimos imperiosos para el tratamiento que prevalezcan sobre sus intereses, derechos y libertades, o para la formulaci\u00f3n, el ejercicio o la defensa de reclamaciones.<\/p><p><strong><span style=\"color: #518eaa;\">\u2022 <span style=\"color: #000000;\">Derecho<\/span><\/span> de supresi\u00f3n:<\/strong> Tiene derecho a obtener por parte de HEALTHCARE ACTIVOS MANAGEMENT, SL, la supresi\u00f3n de los datos personales que le conciernan.<\/p><p><span style=\"color: #518eaa;\">\u2022<\/span> <strong>Derecho a la portabilidad de los datos:<\/strong> Tiene derecho a que la empresa transfiera sus datos personales a otro responsable del tratamiento. Solo es posible ejercer este derecho cuando el tratamiento est\u00e9 basado en la ejecuci\u00f3n de un contrato o en su consentimiento y el tratamiento se realice por medios automatizados.<\/p><p><span style=\"color: #518eaa;\">\u2022 <\/span><strong>Derecho a la limitaci\u00f3n del tratamiento:<\/strong> Tiene derecho a solicitarnos que suspendamos el tratamiento de sus datos cuando: impugne la exactitud de los datos, mientras HEALTHCARE ACTIVOS MANAGEMENT, SL verifica dicha exactitud; haya ejercido el derecho de oposici\u00f3n al tratamiento de sus datos, mientras que se verifica si los motivos leg\u00edtimos de HEALTHCARE ACTIVOS MANAGEMENT, SL prevalecen sobre los suyos como interesado.<\/p><p>En cualquier momento, podr\u00e1 ejercitar estos Derechos, mediante un escrito y acreditando su personalidad dirigido al responsable del tratamiento a la direcci\u00f3n se\u00f1alada anteriormente, o a trav\u00e9s de la direcci\u00f3n de correo electr\u00f3nico: <strong>LEGAL@HEALTHCAREACTIVOS.COM.<\/strong><\/p><p>Adem\u00e1s, podr\u00e1 presentar una reclamaci\u00f3n ante la autoridad de control, en este caso, la Agencia Espa\u00f1ola de Protecci\u00f3n de Datos, si considera que el tratamiento de datos personales infringe la legislaci\u00f3n aplicable.<\/p>\t\t\t\t\t\t\t\t<\/div>\n\t\t\t\t<\/div>\n\t\t\t\t<div class=\"elementor-element elementor-element-01fe325 elementor-widget elementor-widget-heading\" data-id=\"01fe325\" data-element_type=\"widget\" data-e-type=\"widget\" data-widget_type=\"heading.default\">\n\t\t\t\t<div class=\"elementor-widget-container\">\n\t\t\t\t\t<h3 class=\"elementor-heading-title elementor-size-default\">Seguridad y almacenamiento de los datos<\/h3>\t\t\t\t<\/div>\n\t\t\t\t<\/div>\n\t\t\t\t<div class=\"elementor-element elementor-element-e98a345 elementor-widget elementor-widget-text-editor\" data-id=\"e98a345\" data-element_type=\"widget\" data-e-type=\"widget\" data-widget_type=\"text-editor.default\">\n\t\t\t\t<div class=\"elementor-widget-container\">\n\t\t\t\t\t\t\t\t\t<p>Mantendremos los datos durante el tiempo estrictamente necesario para la prestaci\u00f3n del servicio solicitado y mientras el titular no solicite su eliminaci\u00f3n, adoptando las medidas adecuadas de car\u00e1cter t\u00e9cnico y organizativo contra el tratamiento no autorizado o il\u00edcito y contra su p\u00e9rdida, destrucci\u00f3n o da\u00f1o accidentales, haciendo todo lo posible por protegerlos y mantenerlos de forma segura.<\/p>\t\t\t\t\t\t\t\t<\/div>\n\t\t\t\t<\/div>\n\t\t\t\t<div class=\"elementor-element elementor-element-f059ddd elementor-widget elementor-widget-heading\" data-id=\"f059ddd\" data-element_type=\"widget\" data-e-type=\"widget\" data-widget_type=\"heading.default\">\n\t\t\t\t<div class=\"elementor-widget-container\">\n\t\t\t\t\t<h3 class=\"elementor-heading-title elementor-size-default\">Qu\u00e9 Datos Personales Compartimos con Terceros<\/h3>\t\t\t\t<\/div>\n\t\t\t\t<\/div>\n\t\t\t\t<div class=\"elementor-element elementor-element-832ee54 elementor-widget elementor-widget-text-editor\" data-id=\"832ee54\" data-element_type=\"widget\" data-e-type=\"widget\" data-widget_type=\"text-editor.default\">\n\t\t\t\t<div class=\"elementor-widget-container\">\n\t\t\t\t\t\t\t\t\t<p>No se prev\u00e9n cesiones de datos salvo en aquellos casos en que exista una obligaci\u00f3n legal. No hay previsi\u00f3n de transferencias de datos internacionales.<\/p>\t\t\t\t\t\t\t\t<\/div>\n\t\t\t\t<\/div>\n\t\t\t\t\t<\/div>\n\t\t<\/div>\n\t\t\t\t\t<\/div>\n\t\t<\/section>\n\t\t\t\t<\/div>\n\t\t","protected":false},"excerpt":{"rendered":"<p>Pol\u00edtica de Privacidad Pol\u00edtica de Privacidad y Protecci\u00f3n de Datos del Sitio Web Healthcare Activos Management, S.L. es una empresa en la que la transparencia en la informaci\u00f3n es fundamental para establecer una relaci\u00f3n de confianza con las personas que forman nuestro proyecto y con nuestros proveedores y clientes, siendo la protecci\u00f3n de los datos &#8230; <a title=\"Pol\u00edtica de privacidad\" class=\"read-more\" href=\"https:\/\/healthcareactivos.com\/es\/politica-de-privacidad\/\" aria-label=\"Leer m\u00e1s sobre Pol\u00edtica de privacidad\">Leer m\u00e1s<\/a><\/p>\n","protected":false},"author":9,"featured_media":0,"parent":0,"menu_order":0,"comment_status":"closed","ping_status":"closed","template":"elementor_header_footer","meta":{"_acf_changed":false,"footnotes":""},"class_list":["post-2173","page","type-page","status-publish"],"acf":[],"yoast_head":"<!-- This site is optimized with the Yoast SEO plugin v27.4 - https:\/\/yoast.com\/product\/yoast-seo-wordpress\/ -->\n<title>Pol\u00edtica de privacidad - Healthcare Activos<\/title>\n<meta name=\"robots\" content=\"noindex, follow\" \/>\n<meta property=\"og:locale\" content=\"es_ES\" \/>\n<meta property=\"og:type\" content=\"article\" \/>\n<meta property=\"og:title\" content=\"Pol\u00edtica de privacidad - Healthcare Activos\" \/>\n<meta property=\"og:description\" content=\"Pol\u00edtica de Privacidad Pol\u00edtica de Privacidad y Protecci\u00f3n de Datos del Sitio Web Healthcare Activos Management, S.L. es una empresa en la que la transparencia en la informaci\u00f3n es fundamental para establecer una relaci\u00f3n de confianza con las personas que forman nuestro proyecto y con nuestros proveedores y clientes, siendo la protecci\u00f3n de los datos ... Leer m\u00e1s\" \/>\n<meta property=\"og:url\" content=\"https:\/\/healthcareactivos.com\/es\/politica-de-privacidad\/\" \/>\n<meta property=\"og:site_name\" content=\"Healthcare Activos\" \/>\n<meta property=\"article:modified_time\" content=\"2024-10-31T09:49:54+00:00\" \/>\n<meta name=\"twitter:card\" content=\"summary_large_image\" \/>\n<meta name=\"twitter:label1\" content=\"Tiempo de lectura\" \/>\n\t<meta name=\"twitter:data1\" content=\"7 minutos\" \/>\n<script type=\"application\/ld+json\" class=\"yoast-schema-graph\">{\"@context\":\"https:\\\/\\\/schema.org\",\"@graph\":[{\"@type\":\"WebPage\",\"@id\":\"https:\\\/\\\/healthcareactivos.com\\\/es\\\/politica-de-privacidad\\\/\",\"url\":\"https:\\\/\\\/healthcareactivos.com\\\/es\\\/politica-de-privacidad\\\/\",\"name\":\"Pol\u00edtica de privacidad - Healthcare Activos\",\"isPartOf\":{\"@id\":\"https:\\\/\\\/healthcareactivos.com\\\/es\\\/#website\"},\"datePublished\":\"2019-08-06T07:56:55+00:00\",\"dateModified\":\"2024-10-31T09:49:54+00:00\",\"breadcrumb\":{\"@id\":\"https:\\\/\\\/healthcareactivos.com\\\/es\\\/politica-de-privacidad\\\/#breadcrumb\"},\"inLanguage\":\"es\",\"potentialAction\":[{\"@type\":\"ReadAction\",\"target\":[\"https:\\\/\\\/healthcareactivos.com\\\/es\\\/politica-de-privacidad\\\/\"]}]},{\"@type\":\"BreadcrumbList\",\"@id\":\"https:\\\/\\\/healthcareactivos.com\\\/es\\\/politica-de-privacidad\\\/#breadcrumb\",\"itemListElement\":[{\"@type\":\"ListItem\",\"position\":1,\"name\":\"Portada\",\"item\":\"https:\\\/\\\/healthcareactivos.com\\\/es\\\/\"},{\"@type\":\"ListItem\",\"position\":2,\"name\":\"Pol\u00edtica de privacidad\"}]},{\"@type\":\"WebSite\",\"@id\":\"https:\\\/\\\/healthcareactivos.com\\\/es\\\/#website\",\"url\":\"https:\\\/\\\/healthcareactivos.com\\\/es\\\/\",\"name\":\"Healthcare Activos\",\"description\":\"Inversi\u00f3n a largo plazo en Activos Sanitarios\",\"publisher\":{\"@id\":\"https:\\\/\\\/healthcareactivos.com\\\/es\\\/#organization\"},\"potentialAction\":[{\"@type\":\"SearchAction\",\"target\":{\"@type\":\"EntryPoint\",\"urlTemplate\":\"https:\\\/\\\/healthcareactivos.com\\\/es\\\/?s={search_term_string}\"},\"query-input\":{\"@type\":\"PropertyValueSpecification\",\"valueRequired\":true,\"valueName\":\"search_term_string\"}}],\"inLanguage\":\"es\"},{\"@type\":\"Organization\",\"@id\":\"https:\\\/\\\/healthcareactivos.com\\\/es\\\/#organization\",\"name\":\"Healthcare Activos\",\"url\":\"https:\\\/\\\/healthcareactivos.com\\\/es\\\/\",\"logo\":{\"@type\":\"ImageObject\",\"inLanguage\":\"es\",\"@id\":\"https:\\\/\\\/healthcareactivos.com\\\/es\\\/#\\\/schema\\\/logo\\\/image\\\/\",\"url\":\"https:\\\/\\\/healthcareactivos.com\\\/wp-content\\\/uploads\\\/AF-Logotipo-Healthcare.png\",\"contentUrl\":\"https:\\\/\\\/healthcareactivos.com\\\/wp-content\\\/uploads\\\/AF-Logotipo-Healthcare.png\",\"width\":500,\"height\":200,\"caption\":\"Healthcare Activos\"},\"image\":{\"@id\":\"https:\\\/\\\/healthcareactivos.com\\\/es\\\/#\\\/schema\\\/logo\\\/image\\\/\"}}]}<\/script>\n<!-- \/ Yoast SEO plugin. -->","yoast_head_json":{"title":"Pol\u00edtica de privacidad - Healthcare Activos","robots":{"index":"noindex","follow":"follow"},"og_locale":"es_ES","og_type":"article","og_title":"Pol\u00edtica de privacidad - Healthcare Activos","og_description":"Pol\u00edtica de Privacidad Pol\u00edtica de Privacidad y Protecci\u00f3n de Datos del Sitio Web Healthcare Activos Management, S.L. es una empresa en la que la transparencia en la informaci\u00f3n es fundamental para establecer una relaci\u00f3n de confianza con las personas que forman nuestro proyecto y con nuestros proveedores y clientes, siendo la protecci\u00f3n de los datos ... Leer m\u00e1s","og_url":"https:\/\/healthcareactivos.com\/es\/politica-de-privacidad\/","og_site_name":"Healthcare Activos","article_modified_time":"2024-10-31T09:49:54+00:00","twitter_card":"summary_large_image","twitter_misc":{"Tiempo de lectura":"7 minutos"},"schema":{"@context":"https:\/\/schema.org","@graph":[{"@type":"WebPage","@id":"https:\/\/healthcareactivos.com\/es\/politica-de-privacidad\/","url":"https:\/\/healthcareactivos.com\/es\/politica-de-privacidad\/","name":"Pol\u00edtica de privacidad - Healthcare Activos","isPartOf":{"@id":"https:\/\/healthcareactivos.com\/es\/#website"},"datePublished":"2019-08-06T07:56:55+00:00","dateModified":"2024-10-31T09:49:54+00:00","breadcrumb":{"@id":"https:\/\/healthcareactivos.com\/es\/politica-de-privacidad\/#breadcrumb"},"inLanguage":"es","potentialAction":[{"@type":"ReadAction","target":["https:\/\/healthcareactivos.com\/es\/politica-de-privacidad\/"]}]},{"@type":"BreadcrumbList","@id":"https:\/\/healthcareactivos.com\/es\/politica-de-privacidad\/#breadcrumb","itemListElement":[{"@type":"ListItem","position":1,"name":"Portada","item":"https:\/\/healthcareactivos.com\/es\/"},{"@type":"ListItem","position":2,"name":"Pol\u00edtica de privacidad"}]},{"@type":"WebSite","@id":"https:\/\/healthcareactivos.com\/es\/#website","url":"https:\/\/healthcareactivos.com\/es\/","name":"Healthcare Activos","description":"Inversi\u00f3n a largo plazo en Activos Sanitarios","publisher":{"@id":"https:\/\/healthcareactivos.com\/es\/#organization"},"potentialAction":[{"@type":"SearchAction","target":{"@type":"EntryPoint","urlTemplate":"https:\/\/healthcareactivos.com\/es\/?s={search_term_string}"},"query-input":{"@type":"PropertyValueSpecification","valueRequired":true,"valueName":"search_term_string"}}],"inLanguage":"es"},{"@type":"Organization","@id":"https:\/\/healthcareactivos.com\/es\/#organization","name":"Healthcare Activos","url":"https:\/\/healthcareactivos.com\/es\/","logo":{"@type":"ImageObject","inLanguage":"es","@id":"https:\/\/healthcareactivos.com\/es\/#\/schema\/logo\/image\/","url":"https:\/\/healthcareactivos.com\/wp-content\/uploads\/AF-Logotipo-Healthcare.png","contentUrl":"https:\/\/healthcareactivos.com\/wp-content\/uploads\/AF-Logotipo-Healthcare.png","width":500,"height":200,"caption":"Healthcare Activos"},"image":{"@id":"https:\/\/healthcareactivos.com\/es\/#\/schema\/logo\/image\/"}}]}},"_links":{"self":[{"href":"https:\/\/healthcareactivos.com\/es\/wp-json\/wp\/v2\/pages\/2173","targetHints":{"allow":["GET"]}}],"collection":[{"href":"https:\/\/healthcareactivos.com\/es\/wp-json\/wp\/v2\/pages"}],"about":[{"href":"https:\/\/healthcareactivos.com\/es\/wp-json\/wp\/v2\/types\/page"}],"author":[{"embeddable":true,"href":"https:\/\/healthcareactivos.com\/es\/wp-json\/wp\/v2\/users\/9"}],"replies":[{"embeddable":true,"href":"https:\/\/healthcareactivos.com\/es\/wp-json\/wp\/v2\/comments?post=2173"}],"version-history":[{"count":0,"href":"https:\/\/healthcareactivos.com\/es\/wp-json\/wp\/v2\/pages\/2173\/revisions"}],"wp:attachment":[{"href":"https:\/\/healthcareactivos.com\/es\/wp-json\/wp\/v2\/media?parent=2173"}],"curies":[{"name":"wp","href":"https:\/\/api.w.org\/{rel}","templated":true}]}}